{"id":3054,"date":"2019-11-03T19:40:55","date_gmt":"2019-11-03T18:40:55","guid":{"rendered":"http:\/\/www.worteimdunkel.at\/?page_id=3054"},"modified":"2021-02-21T22:26:07","modified_gmt":"2021-02-21T21:26:07","slug":"umgebungen","status":"publish","type":"page","link":"https:\/\/www.worteimdunkel.at\/?page_id=3054","title":{"rendered":"Umgebungen"},"content":{"rendered":"\n<p><br>Hier zeige ich eine knappe Auswahl von Orten, an denen noch heute Beschriftungen fr\u00fcherer Zeiten zu entdecken sind. Nicht alle diese Bilder zeigen Objekte, in oder an denen <span style=\"text-decoration: underline;\">tats\u00e4chlich<\/span> schriftliche Hinterlassenschaften existieren, aber sie veranschaulichen sehr gut die Umgebungen, in die man sich begeben muss, will man welche finden.<\/p>\n\n\n\n<h4 class=\"wp-block-heading\"><br>Bunker<\/h4>\n\n\n\n<figure class=\"wp-block-image\"><img loading=\"lazy\" decoding=\"async\" width=\"1200\" height=\"797\" src=\"http:\/\/www.worteimdunkel.at\/wp-content\/uploads\/2019\/11\/1_Bunker-1200x797.jpg\" alt=\"Kammer reiht sich an Kammer in einem Tiefbunker\" class=\"wp-image-3205\" srcset=\"https:\/\/www.worteimdunkel.at\/wp-content\/uploads\/2019\/11\/1_Bunker.jpg 1200w, https:\/\/www.worteimdunkel.at\/wp-content\/uploads\/2019\/11\/1_Bunker-300x199.jpg 300w, https:\/\/www.worteimdunkel.at\/wp-content\/uploads\/2019\/11\/1_Bunker-768x510.jpg 768w\" sizes=\"auto, (max-width: 1200px) 100vw, 1200px\" \/><figcaption>Kammer reiht sich an Kammer in einem Tiefbunker<\/figcaption><\/figure>\n\n\n\n<figure class=\"wp-block-image\"><img loading=\"lazy\" decoding=\"async\" width=\"1200\" height=\"797\" src=\"http:\/\/www.worteimdunkel.at\/wp-content\/uploads\/2019\/11\/2_Bunker-1200x797.jpg\" alt=\"Verbunkerter Wasserspeicher eines Flugplatzes\" class=\"wp-image-3206\" srcset=\"https:\/\/www.worteimdunkel.at\/wp-content\/uploads\/2019\/11\/2_Bunker.jpg 1200w, https:\/\/www.worteimdunkel.at\/wp-content\/uploads\/2019\/11\/2_Bunker-300x199.jpg 300w, https:\/\/www.worteimdunkel.at\/wp-content\/uploads\/2019\/11\/2_Bunker-768x510.jpg 768w\" sizes=\"auto, (max-width: 1200px) 100vw, 1200px\" \/><figcaption>Verbunkerter Wasserspeicher eines Flugplatzes<\/figcaption><\/figure>\n\n\n\n<figure class=\"wp-block-image\"><img loading=\"lazy\" decoding=\"async\" width=\"1200\" height=\"797\" src=\"http:\/\/www.worteimdunkel.at\/wp-content\/uploads\/2019\/11\/58_Bunker-1200x797.jpg\" alt=\"Salzgitterbunker\" class=\"wp-image-3286\" srcset=\"https:\/\/www.worteimdunkel.at\/wp-content\/uploads\/2019\/11\/58_Bunker.jpg 1200w, https:\/\/www.worteimdunkel.at\/wp-content\/uploads\/2019\/11\/58_Bunker-300x199.jpg 300w, https:\/\/www.worteimdunkel.at\/wp-content\/uploads\/2019\/11\/58_Bunker-768x510.jpg 768w\" sizes=\"auto, (max-width: 1200px) 100vw, 1200px\" \/><figcaption>Salzgitterbunker<\/figcaption><\/figure>\n\n\n\n<figure class=\"wp-block-image\"><img loading=\"lazy\" decoding=\"async\" width=\"1200\" height=\"797\" src=\"http:\/\/www.worteimdunkel.at\/wp-content\/uploads\/2019\/11\/3_Bunker-1200x797.jpg\" alt=\"Der Innenraum eines Salzgitterbunkers. Hinter der Ecke ist der Ausgang, der zur Vermeidung einer potenziellen Druckwelle abgewinkelt war\" class=\"wp-image-3207\" srcset=\"https:\/\/www.worteimdunkel.at\/wp-content\/uploads\/2019\/11\/3_Bunker.jpg 1200w, https:\/\/www.worteimdunkel.at\/wp-content\/uploads\/2019\/11\/3_Bunker-300x199.jpg 300w, https:\/\/www.worteimdunkel.at\/wp-content\/uploads\/2019\/11\/3_Bunker-768x510.jpg 768w\" sizes=\"auto, (max-width: 1200px) 100vw, 1200px\" \/><figcaption>Der Innenraum eines Salzgitterbunkers. Hinter der Ecke ist der Ausgang, der zur Vermeidung einer potenziellen Druckwelle abgewinkelt war.<\/figcaption><\/figure>\n\n\n\n<figure class=\"wp-block-image\"><img loading=\"lazy\" decoding=\"async\" width=\"797\" height=\"1200\" src=\"http:\/\/www.worteimdunkel.at\/wp-content\/uploads\/2019\/11\/4_Bunker-797x1200.jpg\" alt=\"Das gew\u00f6lbte Innere eines Salzgitterbunkers\" class=\"wp-image-3208\" srcset=\"https:\/\/www.worteimdunkel.at\/wp-content\/uploads\/2019\/11\/4_Bunker.jpg 797w, https:\/\/www.worteimdunkel.at\/wp-content\/uploads\/2019\/11\/4_Bunker-199x300.jpg 199w, https:\/\/www.worteimdunkel.at\/wp-content\/uploads\/2019\/11\/4_Bunker-768x1156.jpg 768w\" sizes=\"auto, (max-width: 797px) 100vw, 797px\" \/><figcaption>Das gew\u00f6lbte Innere eines Salzgitterbunkers. Diese Bunker wurden vorwiegend in der N\u00e4he von Erd\u00f6l- oder Chemiebetrieben errichtet.<\/figcaption><\/figure>\n\n\n\n<figure class=\"wp-block-image\"><img loading=\"lazy\" decoding=\"async\" width=\"1200\" height=\"797\" src=\"http:\/\/www.worteimdunkel.at\/wp-content\/uploads\/2019\/11\/5_Bunker-1200x797.jpg\" alt=\"Innerhalb der meterdicken Mauern eines Flakturms\" class=\"wp-image-3209\" srcset=\"https:\/\/www.worteimdunkel.at\/wp-content\/uploads\/2019\/11\/5_Bunker.jpg 1200w, https:\/\/www.worteimdunkel.at\/wp-content\/uploads\/2019\/11\/5_Bunker-300x199.jpg 300w, https:\/\/www.worteimdunkel.at\/wp-content\/uploads\/2019\/11\/5_Bunker-768x510.jpg 768w\" sizes=\"auto, (max-width: 1200px) 100vw, 1200px\" \/><figcaption>Innerhalb der meterdicken Mauern eines Flakturms<\/figcaption><\/figure>\n\n\n\n<figure class=\"wp-block-image\"><img loading=\"lazy\" decoding=\"async\" width=\"1200\" height=\"797\" src=\"http:\/\/www.worteimdunkel.at\/wp-content\/uploads\/2019\/11\/59_Bunker-1200x797.jpg\" alt=\"\u00dcbungs- und Beobachtungsbunker\" class=\"wp-image-3287\" srcset=\"https:\/\/www.worteimdunkel.at\/wp-content\/uploads\/2019\/11\/59_Bunker.jpg 1200w, https:\/\/www.worteimdunkel.at\/wp-content\/uploads\/2019\/11\/59_Bunker-300x199.jpg 300w, https:\/\/www.worteimdunkel.at\/wp-content\/uploads\/2019\/11\/59_Bunker-768x510.jpg 768w\" sizes=\"auto, (max-width: 1200px) 100vw, 1200px\" \/><figcaption>\u00dcbungs- und Beobachtungsbunker eines Truppen\u00fcbungsplatzes<\/figcaption><\/figure>\n\n\n\n<figure class=\"wp-block-image\"><img loading=\"lazy\" decoding=\"async\" width=\"1200\" height=\"797\" src=\"http:\/\/www.worteimdunkel.at\/wp-content\/uploads\/2019\/11\/60_Bunker-1200x797.jpg\" alt=\"\u00dcbungs- und Beobachtungsbunker\" class=\"wp-image-3288\" srcset=\"https:\/\/www.worteimdunkel.at\/wp-content\/uploads\/2019\/11\/60_Bunker.jpg 1200w, https:\/\/www.worteimdunkel.at\/wp-content\/uploads\/2019\/11\/60_Bunker-300x199.jpg 300w, https:\/\/www.worteimdunkel.at\/wp-content\/uploads\/2019\/11\/60_Bunker-768x510.jpg 768w\" sizes=\"auto, (max-width: 1200px) 100vw, 1200px\" \/><figcaption>\u00dcbungs- und Beobachtungsbunker eines Truppen\u00fcbungsplatzes<\/figcaption><\/figure>\n\n\n\n<h4 class=\"wp-block-heading\"><br>Splitter- und Tr\u00fcmmerschutzbauwerke<\/h4>\n\n\n\n<figure class=\"wp-block-image\"><img loading=\"lazy\" decoding=\"async\" width=\"1200\" height=\"797\" src=\"http:\/\/www.worteimdunkel.at\/wp-content\/uploads\/2019\/11\/22_LSDG-1200x797.jpg\" alt=\"Luftschutzdeckungsgraben eines \u00f6lverarbeitenden Betriebes\" class=\"wp-image-3226\" srcset=\"https:\/\/www.worteimdunkel.at\/wp-content\/uploads\/2019\/11\/22_LSDG.jpg 1200w, https:\/\/www.worteimdunkel.at\/wp-content\/uploads\/2019\/11\/22_LSDG-300x199.jpg 300w, https:\/\/www.worteimdunkel.at\/wp-content\/uploads\/2019\/11\/22_LSDG-768x510.jpg 768w\" sizes=\"auto, (max-width: 1200px) 100vw, 1200px\" \/><figcaption>Luftschutzdeckungsgraben eines erd\u00f6lverarbeitenden Betriebes<\/figcaption><\/figure>\n\n\n\n<figure class=\"wp-block-image\"><img loading=\"lazy\" decoding=\"async\" width=\"797\" height=\"1200\" src=\"http:\/\/www.worteimdunkel.at\/wp-content\/uploads\/2019\/11\/23_LSDG-797x1200.jpg\" alt=\"Eingang zu einem Luftschutzdeckungsgraben\" class=\"wp-image-3227\" srcset=\"https:\/\/www.worteimdunkel.at\/wp-content\/uploads\/2019\/11\/23_LSDG.jpg 797w, https:\/\/www.worteimdunkel.at\/wp-content\/uploads\/2019\/11\/23_LSDG-199x300.jpg 199w, https:\/\/www.worteimdunkel.at\/wp-content\/uploads\/2019\/11\/23_LSDG-768x1156.jpg 768w\" sizes=\"auto, (max-width: 797px) 100vw, 797px\" \/><figcaption>Eingang zu einem Luftschutzdeckungsgraben<\/figcaption><\/figure>\n\n\n\n<figure class=\"wp-block-image\"><img loading=\"lazy\" decoding=\"async\" width=\"1200\" height=\"797\" src=\"http:\/\/www.worteimdunkel.at\/wp-content\/uploads\/2019\/11\/24_LSDG-1200x797.jpg\" alt=\"Luftschutzdeckungsgraben eines Luftwaffen-Reparaturbetriebes\" class=\"wp-image-3228\" srcset=\"https:\/\/www.worteimdunkel.at\/wp-content\/uploads\/2019\/11\/24_LSDG.jpg 1200w, https:\/\/www.worteimdunkel.at\/wp-content\/uploads\/2019\/11\/24_LSDG-300x199.jpg 300w, https:\/\/www.worteimdunkel.at\/wp-content\/uploads\/2019\/11\/24_LSDG-768x510.jpg 768w\" sizes=\"auto, (max-width: 1200px) 100vw, 1200px\" \/><figcaption>Luftschutzdeckungsgraben eines Betriebes im Dienste der Luftwaffe<\/figcaption><\/figure>\n\n\n\n<figure class=\"wp-block-image\"><img loading=\"lazy\" decoding=\"async\" width=\"1200\" height=\"797\" src=\"http:\/\/www.worteimdunkel.at\/wp-content\/uploads\/2019\/11\/57_Splitterschutzzelle-1200x797.jpg\" alt=\"Splitterschutzzelle\" class=\"wp-image-3285\" srcset=\"https:\/\/www.worteimdunkel.at\/wp-content\/uploads\/2019\/11\/57_Splitterschutzzelle.jpg 1200w, https:\/\/www.worteimdunkel.at\/wp-content\/uploads\/2019\/11\/57_Splitterschutzzelle-300x199.jpg 300w, https:\/\/www.worteimdunkel.at\/wp-content\/uploads\/2019\/11\/57_Splitterschutzzelle-768x510.jpg 768w\" sizes=\"auto, (max-width: 1200px) 100vw, 1200px\" \/><figcaption>Splitterschutzzelle, die bei Luftangriffen als Brandwachstand diente<\/figcaption><\/figure>\n\n\n\n<h4 class=\"wp-block-heading\"><br>Hauskeller<\/h4>\n\n\n\n<figure class=\"wp-block-image\"><img loading=\"lazy\" decoding=\"async\" width=\"1200\" height=\"797\" src=\"http:\/\/www.worteimdunkel.at\/wp-content\/uploads\/2019\/11\/6_Hauskeller-1200x797.jpg\" alt=\"Hauskeller, der Pfeil zeigt den Schutzsuchenden den Weg zum Luftschutzraum\" class=\"wp-image-3210\" srcset=\"https:\/\/www.worteimdunkel.at\/wp-content\/uploads\/2019\/11\/6_Hauskeller.jpg 1200w, https:\/\/www.worteimdunkel.at\/wp-content\/uploads\/2019\/11\/6_Hauskeller-300x199.jpg 300w, https:\/\/www.worteimdunkel.at\/wp-content\/uploads\/2019\/11\/6_Hauskeller-768x510.jpg 768w\" sizes=\"auto, (max-width: 1200px) 100vw, 1200px\" \/><figcaption>Hauskeller \u2013 der Pfeil zeigt den Schutzsuchenden den Weg zum Luftschutzraum<\/figcaption><\/figure>\n\n\n\n<figure class=\"wp-block-image\"><img loading=\"lazy\" decoding=\"async\" width=\"1200\" height=\"797\" src=\"http:\/\/www.worteimdunkel.at\/wp-content\/uploads\/2019\/11\/7_Hauskeller-1200x797.jpg\" alt=\"Verbindungsgang zwischen Kellern des Luftschutzraumnetzes Innere Stadt\" class=\"wp-image-3211\" srcset=\"https:\/\/www.worteimdunkel.at\/wp-content\/uploads\/2019\/11\/7_Hauskeller.jpg 1200w, https:\/\/www.worteimdunkel.at\/wp-content\/uploads\/2019\/11\/7_Hauskeller-300x199.jpg 300w, https:\/\/www.worteimdunkel.at\/wp-content\/uploads\/2019\/11\/7_Hauskeller-768x510.jpg 768w\" sizes=\"auto, (max-width: 1200px) 100vw, 1200px\" \/><figcaption>Verbindungsgang zwischen Kellern des Luftschutzraumnetzes Innere Stadt<\/figcaption><\/figure>\n\n\n\n<figure class=\"wp-block-image\"><img loading=\"lazy\" decoding=\"async\" width=\"1200\" height=\"797\" src=\"http:\/\/www.worteimdunkel.at\/wp-content\/uploads\/2019\/11\/8_Hauskeller-1200x797.jpg\" alt=\"Hauskeller, der einst dem Luftschutz diente\" class=\"wp-image-3212\" srcset=\"https:\/\/www.worteimdunkel.at\/wp-content\/uploads\/2019\/11\/8_Hauskeller.jpg 1200w, https:\/\/www.worteimdunkel.at\/wp-content\/uploads\/2019\/11\/8_Hauskeller-300x199.jpg 300w, https:\/\/www.worteimdunkel.at\/wp-content\/uploads\/2019\/11\/8_Hauskeller-768x510.jpg 768w\" sizes=\"auto, (max-width: 1200px) 100vw, 1200px\" \/><figcaption>Hauskeller, der einst dem Luftschutz diente<\/figcaption><\/figure>\n\n\n\n<figure class=\"wp-block-image\"><img loading=\"lazy\" decoding=\"async\" width=\"797\" height=\"1200\" src=\"http:\/\/www.worteimdunkel.at\/wp-content\/uploads\/2019\/11\/9_Hauskeller-797x1200.jpg\" alt=\"Wendeltreppe in eine versch\u00fcttetes Kellerstockwerk\" class=\"wp-image-3213\" srcset=\"https:\/\/www.worteimdunkel.at\/wp-content\/uploads\/2019\/11\/9_Hauskeller.jpg 797w, https:\/\/www.worteimdunkel.at\/wp-content\/uploads\/2019\/11\/9_Hauskeller-199x300.jpg 199w, https:\/\/www.worteimdunkel.at\/wp-content\/uploads\/2019\/11\/9_Hauskeller-768x1156.jpg 768w\" sizes=\"auto, (max-width: 797px) 100vw, 797px\" \/><figcaption>Wendeltreppe in ein versch\u00fcttetes Kellerstockwerk<\/figcaption><\/figure>\n\n\n\n<figure class=\"wp-block-image\"><img loading=\"lazy\" decoding=\"async\" width=\"1200\" height=\"797\" src=\"http:\/\/www.worteimdunkel.at\/wp-content\/uploads\/2019\/11\/10_Hauskeller-1200x797.jpg\" alt=\"Weitl\u00e4ufiger Hauskeller, der zu Luftschutzzwecken ausgebaut wurde\" class=\"wp-image-3214\" srcset=\"https:\/\/www.worteimdunkel.at\/wp-content\/uploads\/2019\/11\/10_Hauskeller.jpg 1200w, https:\/\/www.worteimdunkel.at\/wp-content\/uploads\/2019\/11\/10_Hauskeller-300x199.jpg 300w, https:\/\/www.worteimdunkel.at\/wp-content\/uploads\/2019\/11\/10_Hauskeller-768x510.jpg 768w\" sizes=\"auto, (max-width: 1200px) 100vw, 1200px\" \/><figcaption>Weitl\u00e4ufiger Keller, der zu Luftschutzzwecken ausgebaut wurde. Im Bild sind drei Abortnischen und links der dunkel umrandete Mauerdurchbruch ins Nachbarhaus zu erkennen.<\/figcaption><\/figure>\n\n\n\n<h4 class=\"wp-block-heading\"><br>Luftschutzstollenanlagen<\/h4>\n\n\n\n<figure class=\"wp-block-image\"><img loading=\"lazy\" decoding=\"async\" width=\"1200\" height=\"797\" src=\"http:\/\/www.worteimdunkel.at\/wp-content\/uploads\/2019\/11\/46_Stollen-1200x797.jpg\" alt=\"Luftschutzstollen im rauen Fels\" class=\"wp-image-3250\" srcset=\"https:\/\/www.worteimdunkel.at\/wp-content\/uploads\/2019\/11\/46_Stollen.jpg 1200w, https:\/\/www.worteimdunkel.at\/wp-content\/uploads\/2019\/11\/46_Stollen-300x199.jpg 300w, https:\/\/www.worteimdunkel.at\/wp-content\/uploads\/2019\/11\/46_Stollen-768x510.jpg 768w\" sizes=\"auto, (max-width: 1200px) 100vw, 1200px\" \/><figcaption>Grob in den Fels gehauener Luftschutzstollen eines metallverarbeitenden Betriebes<\/figcaption><\/figure>\n\n\n\n<figure class=\"wp-block-image\"><img loading=\"lazy\" decoding=\"async\" width=\"1200\" height=\"797\" src=\"http:\/\/www.worteimdunkel.at\/wp-content\/uploads\/2019\/11\/45_Stollen-1200x797.jpg\" alt=\"Ausbetonierter Luftschutzstollen\" class=\"wp-image-3249\" srcset=\"https:\/\/www.worteimdunkel.at\/wp-content\/uploads\/2019\/11\/45_Stollen.jpg 1200w, https:\/\/www.worteimdunkel.at\/wp-content\/uploads\/2019\/11\/45_Stollen-300x199.jpg 300w, https:\/\/www.worteimdunkel.at\/wp-content\/uploads\/2019\/11\/45_Stollen-768x510.jpg 768w\" sizes=\"auto, (max-width: 1200px) 100vw, 1200px\" \/><figcaption>Ausbetonierter Luftschutzstollen eines metallverarbeitenden Betriebes<\/figcaption><\/figure>\n\n\n\n<figure class=\"wp-block-image\"><img loading=\"lazy\" decoding=\"async\" width=\"1200\" height=\"797\" src=\"http:\/\/www.worteimdunkel.at\/wp-content\/uploads\/2019\/11\/44_Stollen-1200x797.jpg\" alt=\"Mit Ziegeln befestigter unterirdischer Gang\" class=\"wp-image-3248\" srcset=\"https:\/\/www.worteimdunkel.at\/wp-content\/uploads\/2019\/11\/44_Stollen.jpg 1200w, https:\/\/www.worteimdunkel.at\/wp-content\/uploads\/2019\/11\/44_Stollen-300x199.jpg 300w, https:\/\/www.worteimdunkel.at\/wp-content\/uploads\/2019\/11\/44_Stollen-768x510.jpg 768w\" sizes=\"auto, (max-width: 1200px) 100vw, 1200px\" \/><figcaption>Ein mit Ziegeln befestigter Verbindungsstollen eines unterirdisch verlagerten R\u00fcstungsbetriebes<\/figcaption><\/figure>\n\n\n\n<figure class=\"wp-block-image\"><img loading=\"lazy\" decoding=\"async\" width=\"1200\" height=\"797\" src=\"http:\/\/www.worteimdunkel.at\/wp-content\/uploads\/2019\/11\/43_Stollen-1200x797.jpg\" alt=\"Geziegelter Stollen\" class=\"wp-image-3247\" srcset=\"https:\/\/www.worteimdunkel.at\/wp-content\/uploads\/2019\/11\/43_Stollen.jpg 1200w, https:\/\/www.worteimdunkel.at\/wp-content\/uploads\/2019\/11\/43_Stollen-300x199.jpg 300w, https:\/\/www.worteimdunkel.at\/wp-content\/uploads\/2019\/11\/43_Stollen-768x510.jpg 768w\" sizes=\"auto, (max-width: 1200px) 100vw, 1200px\" \/><figcaption>Geziegelter Luftschutzstollen<\/figcaption><\/figure>\n\n\n\n<figure class=\"wp-block-image\"><img loading=\"lazy\" decoding=\"async\" width=\"797\" height=\"1200\" src=\"http:\/\/www.worteimdunkel.at\/wp-content\/uploads\/2019\/11\/42_Stollen-797x1200.jpg\" alt=\"In den Fels gehauener Luftschutzstollen mit Resten der originalen Holzsitzb\u00e4nke\" class=\"wp-image-3246\" srcset=\"https:\/\/www.worteimdunkel.at\/wp-content\/uploads\/2019\/11\/42_Stollen.jpg 797w, https:\/\/www.worteimdunkel.at\/wp-content\/uploads\/2019\/11\/42_Stollen-199x300.jpg 199w, https:\/\/www.worteimdunkel.at\/wp-content\/uploads\/2019\/11\/42_Stollen-768x1156.jpg 768w\" sizes=\"auto, (max-width: 797px) 100vw, 797px\" \/><figcaption>Reste der originalen Holzsitzb\u00e4nke in einem gut erhaltenen Luftschutzstollen<\/figcaption><\/figure>\n\n\n\n<h4 class=\"wp-block-heading\"><br>U-Verlagerungen und -Projekte<\/h4>\n\n\n\n<p>Unter U-Verlagerungen versteht man verschiedenste unterirdische Gefilde, die dem Zweck dienten, Fabriken der deutschen R\u00fcstungsindustrie an bombensicheren Orten produzieren zu lassen.<br>Das waren beispielsweise ausgedehnte Brauereikeller, die Keller gr\u00f6\u00dferer Schl\u00f6sser und Kl\u00f6ster, Bahn- oder Stra\u00dfentunnels, H\u00f6hlen, Bergwerke oder auch eigens zu diesem Zweck errichtete Stollenanlagen oder Bunkerwerke.<\/p>\n\n\n\n<figure class=\"wp-block-image\"><img loading=\"lazy\" decoding=\"async\" width=\"1200\" height=\"797\" src=\"http:\/\/www.worteimdunkel.at\/wp-content\/uploads\/2019\/11\/25_U-Ver-Pro-1200x797.jpg\" alt=\"Stollen eines Forschungsprojekts\" class=\"wp-image-3229\" srcset=\"https:\/\/www.worteimdunkel.at\/wp-content\/uploads\/2019\/11\/25_U-Ver-Pro.jpg 1200w, https:\/\/www.worteimdunkel.at\/wp-content\/uploads\/2019\/11\/25_U-Ver-Pro-300x199.jpg 300w, https:\/\/www.worteimdunkel.at\/wp-content\/uploads\/2019\/11\/25_U-Ver-Pro-768x510.jpg 768w\" sizes=\"auto, (max-width: 1200px) 100vw, 1200px\" \/><figcaption>Stollen eines Kraftwerks- und Forschungsprojekts<\/figcaption><\/figure>\n\n\n\n<figure class=\"wp-block-image\"><img loading=\"lazy\" decoding=\"async\" width=\"1200\" height=\"797\" src=\"http:\/\/www.worteimdunkel.at\/wp-content\/uploads\/2019\/11\/41_U-Ver-Pro-1200x797.jpg\" alt=\"Unterirdisches Forschungsprojekt in den Alpen\" class=\"wp-image-3245\" srcset=\"https:\/\/www.worteimdunkel.at\/wp-content\/uploads\/2019\/11\/41_U-Ver-Pro.jpg 1200w, https:\/\/www.worteimdunkel.at\/wp-content\/uploads\/2019\/11\/41_U-Ver-Pro-300x199.jpg 300w, https:\/\/www.worteimdunkel.at\/wp-content\/uploads\/2019\/11\/41_U-Ver-Pro-768x510.jpg 768w\" sizes=\"auto, (max-width: 1200px) 100vw, 1200px\" \/><figcaption>Unterirdische Ruine eines Kraftwerks- und Forschungsprojekts in den Alpen<\/figcaption><\/figure>\n\n\n\n<figure class=\"wp-block-image\"><img loading=\"lazy\" decoding=\"async\" width=\"1200\" height=\"797\" src=\"http:\/\/www.worteimdunkel.at\/wp-content\/uploads\/2019\/11\/26_U-Ver-Pro-1200x797.jpg\" alt=\"Betonierter Stollen einer U-Verlagerung\" class=\"wp-image-3230\" srcset=\"https:\/\/www.worteimdunkel.at\/wp-content\/uploads\/2019\/11\/26_U-Ver-Pro.jpg 1200w, https:\/\/www.worteimdunkel.at\/wp-content\/uploads\/2019\/11\/26_U-Ver-Pro-300x199.jpg 300w, https:\/\/www.worteimdunkel.at\/wp-content\/uploads\/2019\/11\/26_U-Ver-Pro-768x510.jpg 768w\" sizes=\"auto, (max-width: 1200px) 100vw, 1200px\" \/><figcaption>Betonierter Stollen einer U-Verlagerung<\/figcaption><\/figure>\n\n\n\n<figure class=\"wp-block-image\"><img loading=\"lazy\" decoding=\"async\" width=\"1200\" height=\"797\" src=\"http:\/\/www.worteimdunkel.at\/wp-content\/uploads\/2019\/11\/27_U-Ver-Pro-1200x797.jpg\" alt=\"H\u00f6hle, die als U-Verlagerung angedacht war\" class=\"wp-image-3231\" srcset=\"https:\/\/www.worteimdunkel.at\/wp-content\/uploads\/2019\/11\/27_U-Ver-Pro.jpg 1200w, https:\/\/www.worteimdunkel.at\/wp-content\/uploads\/2019\/11\/27_U-Ver-Pro-300x199.jpg 300w, https:\/\/www.worteimdunkel.at\/wp-content\/uploads\/2019\/11\/27_U-Ver-Pro-768x510.jpg 768w\" sizes=\"auto, (max-width: 1200px) 100vw, 1200px\" \/><figcaption>H\u00f6hle, die als U-Verlagerung angedacht war, jedoch nicht als solche zur Verwendung kam<\/figcaption><\/figure>\n\n\n\n<figure class=\"wp-block-image\"><img loading=\"lazy\" decoding=\"async\" width=\"1200\" height=\"797\" src=\"http:\/\/www.worteimdunkel.at\/wp-content\/uploads\/2019\/11\/28_U-Ver-Pro-1200x797.jpg\" alt=\"Mittelgang durch mehrere weitl\u00e4ufige Hallen einer Brauerei, die als U-Verlagerung verwendet wurden\" class=\"wp-image-3232\" srcset=\"https:\/\/www.worteimdunkel.at\/wp-content\/uploads\/2019\/11\/28_U-Ver-Pro.jpg 1200w, https:\/\/www.worteimdunkel.at\/wp-content\/uploads\/2019\/11\/28_U-Ver-Pro-300x199.jpg 300w, https:\/\/www.worteimdunkel.at\/wp-content\/uploads\/2019\/11\/28_U-Ver-Pro-768x510.jpg 768w\" sizes=\"auto, (max-width: 1200px) 100vw, 1200px\" \/><figcaption>Mittelgang durch mehrere weitl\u00e4ufige Hallen eines Braukellers, die als U-Verlagerung verwendet wurden<\/figcaption><\/figure>\n\n\n\n<figure class=\"wp-block-image\"><img loading=\"lazy\" decoding=\"async\" width=\"1200\" height=\"797\" src=\"http:\/\/www.worteimdunkel.at\/wp-content\/uploads\/2019\/11\/29_U-Ver-Pro-1200x797.jpg\" alt=\"Brauereihalle, die als U-Verlagerung adaptiert wurde\" class=\"wp-image-3233\" srcset=\"https:\/\/www.worteimdunkel.at\/wp-content\/uploads\/2019\/11\/29_U-Ver-Pro.jpg 1200w, https:\/\/www.worteimdunkel.at\/wp-content\/uploads\/2019\/11\/29_U-Ver-Pro-300x199.jpg 300w, https:\/\/www.worteimdunkel.at\/wp-content\/uploads\/2019\/11\/29_U-Ver-Pro-768x510.jpg 768w\" sizes=\"auto, (max-width: 1200px) 100vw, 1200px\" \/><figcaption>Ehemalige Kellereien einer Brauerei, die als U-Verlagerung adaptiert wurden. Vermutlich sollten betonierte B\u00f6gen im Ziegelmauerwerk die Stabilit\u00e4t im Sinne der Bombenfestigkeit erh\u00f6hen.<\/figcaption><\/figure>\n\n\n\n<figure class=\"wp-block-image\"><img loading=\"lazy\" decoding=\"async\" width=\"1200\" height=\"797\" src=\"http:\/\/www.worteimdunkel.at\/wp-content\/uploads\/2019\/11\/30_U-Ver-Pro-1200x797.jpg\" alt=\"Unterirdische Ruine einer U-Verlagerung\" class=\"wp-image-3234\" srcset=\"https:\/\/www.worteimdunkel.at\/wp-content\/uploads\/2019\/11\/30_U-Ver-Pro.jpg 1200w, https:\/\/www.worteimdunkel.at\/wp-content\/uploads\/2019\/11\/30_U-Ver-Pro-300x199.jpg 300w, https:\/\/www.worteimdunkel.at\/wp-content\/uploads\/2019\/11\/30_U-Ver-Pro-768x510.jpg 768w\" sizes=\"auto, (max-width: 1200px) 100vw, 1200px\" \/><figcaption>Unterirdische Ruine einer R\u00fcstungsverlagerung<\/figcaption><\/figure>\n\n\n\n<figure class=\"wp-block-image\"><img loading=\"lazy\" decoding=\"async\" width=\"797\" height=\"1200\" src=\"http:\/\/www.worteimdunkel.at\/wp-content\/uploads\/2019\/11\/31_U-Ver-Pro-797x1200.jpg\" alt=\"Stollen in einer U-Verlagerung\" class=\"wp-image-3235\" srcset=\"https:\/\/www.worteimdunkel.at\/wp-content\/uploads\/2019\/11\/31_U-Ver-Pro.jpg 797w, https:\/\/www.worteimdunkel.at\/wp-content\/uploads\/2019\/11\/31_U-Ver-Pro-199x300.jpg 199w, https:\/\/www.worteimdunkel.at\/wp-content\/uploads\/2019\/11\/31_U-Ver-Pro-768x1156.jpg 768w\" sizes=\"auto, (max-width: 797px) 100vw, 797px\" \/><figcaption>Stollen in einer U-Verlagerung mit gesprengtem Ende<\/figcaption><\/figure>\n\n\n\n<figure class=\"wp-block-image\"><img loading=\"lazy\" decoding=\"async\" width=\"1200\" height=\"797\" src=\"http:\/\/www.worteimdunkel.at\/wp-content\/uploads\/2019\/11\/32_U-Ver-Pro-1200x797.jpg\" alt=\"Treppe in einer U-Verlagerung\" class=\"wp-image-3236\" srcset=\"https:\/\/www.worteimdunkel.at\/wp-content\/uploads\/2019\/11\/32_U-Ver-Pro.jpg 1200w, https:\/\/www.worteimdunkel.at\/wp-content\/uploads\/2019\/11\/32_U-Ver-Pro-300x199.jpg 300w, https:\/\/www.worteimdunkel.at\/wp-content\/uploads\/2019\/11\/32_U-Ver-Pro-768x510.jpg 768w\" sizes=\"auto, (max-width: 1200px) 100vw, 1200px\" \/><figcaption>Treppe in einer U-Verlagerung, die in gesprengte Bereiche f\u00fchrt<\/figcaption><\/figure>\n\n\n\n<figure class=\"wp-block-image\"><img loading=\"lazy\" decoding=\"async\" width=\"1200\" height=\"797\" src=\"http:\/\/www.worteimdunkel.at\/wp-content\/uploads\/2019\/11\/33_U-Ver-Pro-1200x797.jpg\" alt=\"Bereich einer U-Verlagerung, in dem die Betriebsangeh\u00f6rigen bei Luftalarm Schutz fanden\" class=\"wp-image-3237\" srcset=\"https:\/\/www.worteimdunkel.at\/wp-content\/uploads\/2019\/11\/33_U-Ver-Pro.jpg 1200w, https:\/\/www.worteimdunkel.at\/wp-content\/uploads\/2019\/11\/33_U-Ver-Pro-300x199.jpg 300w, https:\/\/www.worteimdunkel.at\/wp-content\/uploads\/2019\/11\/33_U-Ver-Pro-768x510.jpg 768w\" sizes=\"auto, (max-width: 1200px) 100vw, 1200px\" \/><figcaption>Bereich einer U-Verlagerung, in dem die Arbeiter und Angestellten der oberirdischen Fabriksanlagen bei Luftalarm Schutz fanden<\/figcaption><\/figure>\n\n\n\n<figure class=\"wp-block-image\"><img loading=\"lazy\" decoding=\"async\" width=\"1200\" height=\"797\" src=\"http:\/\/www.worteimdunkel.at\/wp-content\/uploads\/2019\/11\/34_U-Ver-Pro-1200x797.jpg\" alt=\"Durch Besatzungstruppen gesprengte U-Verlagerung\" class=\"wp-image-3238\" srcset=\"https:\/\/www.worteimdunkel.at\/wp-content\/uploads\/2019\/11\/34_U-Ver-Pro.jpg 1200w, https:\/\/www.worteimdunkel.at\/wp-content\/uploads\/2019\/11\/34_U-Ver-Pro-300x199.jpg 300w, https:\/\/www.worteimdunkel.at\/wp-content\/uploads\/2019\/11\/34_U-Ver-Pro-768x510.jpg 768w\" sizes=\"auto, (max-width: 1200px) 100vw, 1200px\" \/><figcaption>Durch Besatzungstruppen nach Kriegsende gesprengte U-Verlagerung<\/figcaption><\/figure>\n\n\n\n<figure class=\"wp-block-image\"><img loading=\"lazy\" decoding=\"async\" width=\"1200\" height=\"797\" src=\"http:\/\/www.worteimdunkel.at\/wp-content\/uploads\/2019\/11\/35_U-Ver-Pro-1200x797.jpg\" alt=\"Betonierte Etagen in einer U-Verlagerung\" class=\"wp-image-3239\" srcset=\"https:\/\/www.worteimdunkel.at\/wp-content\/uploads\/2019\/11\/35_U-Ver-Pro.jpg 1200w, https:\/\/www.worteimdunkel.at\/wp-content\/uploads\/2019\/11\/35_U-Ver-Pro-300x199.jpg 300w, https:\/\/www.worteimdunkel.at\/wp-content\/uploads\/2019\/11\/35_U-Ver-Pro-768x510.jpg 768w\" sizes=\"auto, (max-width: 1200px) 100vw, 1200px\" \/><figcaption>Betonierte Etagen in einer U-Verlagerung tief im Berg<\/figcaption><\/figure>\n\n\n\n<figure class=\"wp-block-image\"><img loading=\"lazy\" decoding=\"async\" width=\"1200\" height=\"797\" src=\"http:\/\/www.worteimdunkel.at\/wp-content\/uploads\/2019\/11\/36_U-Ver-Pro-1200x797.jpg\" alt=\"Geziegelter Bau in einer U-Verlagerung\" class=\"wp-image-3240\" srcset=\"https:\/\/www.worteimdunkel.at\/wp-content\/uploads\/2019\/11\/36_U-Ver-Pro.jpg 1200w, https:\/\/www.worteimdunkel.at\/wp-content\/uploads\/2019\/11\/36_U-Ver-Pro-300x199.jpg 300w, https:\/\/www.worteimdunkel.at\/wp-content\/uploads\/2019\/11\/36_U-Ver-Pro-768x510.jpg 768w\" sizes=\"auto, (max-width: 1200px) 100vw, 1200px\" \/><figcaption>Geziegeltes Bauwerk innerhalb einer U-Verlagerung in den Alpen<\/figcaption><\/figure>\n\n\n\n<figure class=\"wp-block-image\"><img loading=\"lazy\" decoding=\"async\" width=\"1200\" height=\"797\" src=\"http:\/\/www.worteimdunkel.at\/wp-content\/uploads\/2019\/11\/37_U-Ver-Pro-1200x797.jpg\" alt=\"B\u00fcror\u00e4ume einer U-Verlagerung\" class=\"wp-image-3241\" srcset=\"https:\/\/www.worteimdunkel.at\/wp-content\/uploads\/2019\/11\/37_U-Ver-Pro.jpg 1200w, https:\/\/www.worteimdunkel.at\/wp-content\/uploads\/2019\/11\/37_U-Ver-Pro-300x199.jpg 300w, https:\/\/www.worteimdunkel.at\/wp-content\/uploads\/2019\/11\/37_U-Ver-Pro-768x510.jpg 768w\" sizes=\"auto, (max-width: 1200px) 100vw, 1200px\" \/><figcaption>B\u00fcror\u00e4ume einer U-Verlagerung<\/figcaption><\/figure>\n\n\n\n<figure class=\"wp-block-image\"><img loading=\"lazy\" decoding=\"async\" width=\"797\" height=\"1200\" src=\"http:\/\/www.worteimdunkel.at\/wp-content\/uploads\/2019\/11\/38_U-Ver-Pro-797x1200.jpg\" alt=\"Tunnel kurz vor dem Tageslicht\" class=\"wp-image-3242\" srcset=\"https:\/\/www.worteimdunkel.at\/wp-content\/uploads\/2019\/11\/38_U-Ver-Pro.jpg 797w, https:\/\/www.worteimdunkel.at\/wp-content\/uploads\/2019\/11\/38_U-Ver-Pro-199x300.jpg 199w, https:\/\/www.worteimdunkel.at\/wp-content\/uploads\/2019\/11\/38_U-Ver-Pro-768x1156.jpg 768w\" sizes=\"auto, (max-width: 797px) 100vw, 797px\" \/><figcaption>Zu Luftschutzzwecken verwendeter Tunnel einer nicht realisierten U-Verlagerung<\/figcaption><\/figure>\n\n\n\n<figure class=\"wp-block-image\"><img loading=\"lazy\" decoding=\"async\" width=\"1200\" height=\"797\" src=\"http:\/\/www.worteimdunkel.at\/wp-content\/uploads\/2019\/11\/39_U-Ver-Pro-1200x797.jpg\" alt=\"Luftschutzbereiche in einem Verbindungsstollen\" class=\"wp-image-3243\" srcset=\"https:\/\/www.worteimdunkel.at\/wp-content\/uploads\/2019\/11\/39_U-Ver-Pro.jpg 1200w, https:\/\/www.worteimdunkel.at\/wp-content\/uploads\/2019\/11\/39_U-Ver-Pro-300x199.jpg 300w, https:\/\/www.worteimdunkel.at\/wp-content\/uploads\/2019\/11\/39_U-Ver-Pro-768x510.jpg 768w\" sizes=\"auto, (max-width: 1200px) 100vw, 1200px\" \/><figcaption>Luftschutzbereiche im Verbindungsstollen eines Tunnels, der zwar f\u00fcr Zwecke einer Verwendung als R\u00fcstungsverlagerung sondiert, aber letztendlich nicht ausgebaut wurde.<\/figcaption><\/figure>\n\n\n\n<figure class=\"wp-block-image\"><img loading=\"lazy\" decoding=\"async\" width=\"1200\" height=\"797\" src=\"http:\/\/www.worteimdunkel.at\/wp-content\/uploads\/2019\/11\/40_U-Ver-Pro-1200x797.jpg\" alt=\"Unvollendeter Eisenbahntunnel\" class=\"wp-image-3244\" srcset=\"https:\/\/www.worteimdunkel.at\/wp-content\/uploads\/2019\/11\/40_U-Ver-Pro.jpg 1200w, https:\/\/www.worteimdunkel.at\/wp-content\/uploads\/2019\/11\/40_U-Ver-Pro-300x199.jpg 300w, https:\/\/www.worteimdunkel.at\/wp-content\/uploads\/2019\/11\/40_U-Ver-Pro-768x510.jpg 768w\" sizes=\"auto, (max-width: 1200px) 100vw, 1200px\" \/><figcaption>Unvollendeter Eisenbahntunnel, der zu Luftschutzzwecken verwendet wurde. Eine geplante R\u00fcstungsverlagerung hat nicht stattgefunden.<\/figcaption><\/figure>\n\n\n\n<h4 class=\"wp-block-heading\"><br>Bergbau<\/h4>\n\n\n\n<figure class=\"wp-block-image\"><img loading=\"lazy\" decoding=\"async\" width=\"1200\" height=\"797\" src=\"http:\/\/www.worteimdunkel.at\/wp-content\/uploads\/2019\/11\/12_Bergbau-1200x797.jpg\" alt=\"Fundamente einer Seilbahn\" class=\"wp-image-3216\" srcset=\"https:\/\/www.worteimdunkel.at\/wp-content\/uploads\/2019\/11\/12_Bergbau.jpg 1200w, https:\/\/www.worteimdunkel.at\/wp-content\/uploads\/2019\/11\/12_Bergbau-300x199.jpg 300w, https:\/\/www.worteimdunkel.at\/wp-content\/uploads\/2019\/11\/12_Bergbau-768x510.jpg 768w\" sizes=\"auto, (max-width: 1200px) 100vw, 1200px\" \/><figcaption>Fundamente einer Seilbahn, die zum Abtransport von Bergbauprodukten errichtet wurde<\/figcaption><\/figure>\n\n\n\n<figure class=\"wp-block-image\"><img loading=\"lazy\" decoding=\"async\" width=\"1200\" height=\"797\" src=\"http:\/\/www.worteimdunkel.at\/wp-content\/uploads\/2019\/11\/11_Bergbau-1200x797.jpg\" alt=\"Stollen eines kriegswichtigen Bergbaus\" class=\"wp-image-3215\" srcset=\"https:\/\/www.worteimdunkel.at\/wp-content\/uploads\/2019\/11\/11_Bergbau.jpg 1200w, https:\/\/www.worteimdunkel.at\/wp-content\/uploads\/2019\/11\/11_Bergbau-300x199.jpg 300w, https:\/\/www.worteimdunkel.at\/wp-content\/uploads\/2019\/11\/11_Bergbau-768x510.jpg 768w\" sizes=\"auto, (max-width: 1200px) 100vw, 1200px\" \/><figcaption>Stollen eines kriegswichtigen Bergbaus im ewigen Eis<\/figcaption><\/figure>\n\n\n\n<figure class=\"wp-block-image\"><img loading=\"lazy\" decoding=\"async\" width=\"1200\" height=\"797\" src=\"http:\/\/www.worteimdunkel.at\/wp-content\/uploads\/2019\/11\/13_Bergbau-1200x797.jpg\" alt=\"Abgesoffener Bergbau eines kriegswichtigen Metalls\" class=\"wp-image-3217\" srcset=\"https:\/\/www.worteimdunkel.at\/wp-content\/uploads\/2019\/11\/13_Bergbau.jpg 1200w, https:\/\/www.worteimdunkel.at\/wp-content\/uploads\/2019\/11\/13_Bergbau-300x199.jpg 300w, https:\/\/www.worteimdunkel.at\/wp-content\/uploads\/2019\/11\/13_Bergbau-768x510.jpg 768w\" sizes=\"auto, (max-width: 1200px) 100vw, 1200px\" \/><figcaption>Abgesoffener Stollen eines kriegswichtigen Metallbergbaus<\/figcaption><\/figure>\n\n\n\n<figure class=\"wp-block-image\"><img loading=\"lazy\" decoding=\"async\" width=\"1200\" height=\"797\" src=\"http:\/\/www.worteimdunkel.at\/wp-content\/uploads\/2019\/11\/47_Bergbau-1200x797.jpg\" alt=\"Kriegswichtiger Bergbau\" class=\"wp-image-3275\" srcset=\"https:\/\/www.worteimdunkel.at\/wp-content\/uploads\/2019\/11\/47_Bergbau.jpg 1200w, https:\/\/www.worteimdunkel.at\/wp-content\/uploads\/2019\/11\/47_Bergbau-300x199.jpg 300w, https:\/\/www.worteimdunkel.at\/wp-content\/uploads\/2019\/11\/47_Bergbau-768x510.jpg 768w\" sizes=\"auto, (max-width: 1200px) 100vw, 1200px\" \/><figcaption>Mundloch eines kriegswichtigen Bergbaureviers<\/figcaption><\/figure>\n\n\n\n<figure class=\"wp-block-image\"><img loading=\"lazy\" decoding=\"async\" width=\"797\" height=\"1200\" src=\"http:\/\/www.worteimdunkel.at\/wp-content\/uploads\/2019\/11\/48_Bergbau-797x1200.jpg\" alt=\"Blick in den Stollen eines kriegswichtigen Bergbaubetriebs\" class=\"wp-image-3276\" srcset=\"https:\/\/www.worteimdunkel.at\/wp-content\/uploads\/2019\/11\/48_Bergbau.jpg 797w, https:\/\/www.worteimdunkel.at\/wp-content\/uploads\/2019\/11\/48_Bergbau-199x300.jpg 199w, https:\/\/www.worteimdunkel.at\/wp-content\/uploads\/2019\/11\/48_Bergbau-768x1156.jpg 768w\" sizes=\"auto, (max-width: 797px) 100vw, 797px\" \/><figcaption>Im Stollen liegen noch die h\u00f6lzernen Schwellen der Grubenbahn und der Unterbau eines ausrangierten Grubenhunts.<\/figcaption><\/figure>\n\n\n\n<figure class=\"wp-block-image\"><img loading=\"lazy\" decoding=\"async\" width=\"1200\" height=\"797\" src=\"http:\/\/www.worteimdunkel.at\/wp-content\/uploads\/2019\/11\/49_Bergbau-1200x797.jpg\" alt=\"Anlagen der bergbaulichen Materialseilbahn\" class=\"wp-image-3277\" srcset=\"https:\/\/www.worteimdunkel.at\/wp-content\/uploads\/2019\/11\/49_Bergbau.jpg 1200w, https:\/\/www.worteimdunkel.at\/wp-content\/uploads\/2019\/11\/49_Bergbau-300x199.jpg 300w, https:\/\/www.worteimdunkel.at\/wp-content\/uploads\/2019\/11\/49_Bergbau-768x510.jpg 768w\" sizes=\"auto, (max-width: 1200px) 100vw, 1200px\" \/><figcaption>Erst in den 1960er Jahren wurde der Bergbau hier eingestellt<\/figcaption><\/figure>\n\n\n\n<figure class=\"wp-block-image\"><img loading=\"lazy\" decoding=\"async\" width=\"1200\" height=\"797\" src=\"http:\/\/www.worteimdunkel.at\/wp-content\/uploads\/2019\/11\/50_Bergbau-1200x797.jpg\" alt=\"Betonierte Reste der Materialseilbahn eines kriegswichtigen Bergbaubetriebs\" class=\"wp-image-3278\" srcset=\"https:\/\/www.worteimdunkel.at\/wp-content\/uploads\/2019\/11\/50_Bergbau.jpg 1200w, https:\/\/www.worteimdunkel.at\/wp-content\/uploads\/2019\/11\/50_Bergbau-300x199.jpg 300w, https:\/\/www.worteimdunkel.at\/wp-content\/uploads\/2019\/11\/50_Bergbau-768x510.jpg 768w\" sizes=\"auto, (max-width: 1200px) 100vw, 1200px\" \/><figcaption>Ruinen der Materialseilbahn eines kriegswichtigen Bergbaubetriebs<\/figcaption><\/figure>\n\n\n\n<figure class=\"wp-block-image\"><img loading=\"lazy\" decoding=\"async\" width=\"797\" height=\"1200\" src=\"http:\/\/www.worteimdunkel.at\/wp-content\/uploads\/2019\/11\/51_Bergbau-797x1200.jpg\" alt=\"St\u00fctzenfundamente\" class=\"wp-image-3279\" srcset=\"https:\/\/www.worteimdunkel.at\/wp-content\/uploads\/2019\/11\/51_Bergbau.jpg 797w, https:\/\/www.worteimdunkel.at\/wp-content\/uploads\/2019\/11\/51_Bergbau-199x300.jpg 199w, https:\/\/www.worteimdunkel.at\/wp-content\/uploads\/2019\/11\/51_Bergbau-768x1156.jpg 768w\" sizes=\"auto, (max-width: 797px) 100vw, 797px\" \/><figcaption>Stumme Zeugen des ehemaligen Bergbaus \u2013 die Fundamente der Seilbahn<\/figcaption><\/figure>\n\n\n\n<h4 class=\"wp-block-heading\"><br>Konzentrationslager und Ruinen der Deutschen Erd- und Steinwerke<\/h4>\n\n\n\n<figure class=\"wp-block-image\"><img loading=\"lazy\" decoding=\"async\" width=\"797\" height=\"1200\" src=\"http:\/\/www.worteimdunkel.at\/wp-content\/uploads\/2019\/11\/56_KZ-DEST-797x1200.jpg\" alt=\"Konzentrationslager Melk\" class=\"wp-image-3284\" srcset=\"https:\/\/www.worteimdunkel.at\/wp-content\/uploads\/2019\/11\/56_KZ-DEST.jpg 797w, https:\/\/www.worteimdunkel.at\/wp-content\/uploads\/2019\/11\/56_KZ-DEST-199x300.jpg 199w, https:\/\/www.worteimdunkel.at\/wp-content\/uploads\/2019\/11\/56_KZ-DEST-768x1156.jpg 768w\" sizes=\"auto, (max-width: 797px) 100vw, 797px\" \/><figcaption>Schlot des Krematoriums im Konzentrationslager Melk<\/figcaption><\/figure>\n\n\n\n<figure class=\"wp-block-image\"><img loading=\"lazy\" decoding=\"async\" width=\"1200\" height=\"797\" src=\"http:\/\/www.worteimdunkel.at\/wp-content\/uploads\/2019\/11\/55_KZ-DEST-1200x797.jpg\" alt=\"Konzentrationslager Mauthausen\" class=\"wp-image-3283\" srcset=\"https:\/\/www.worteimdunkel.at\/wp-content\/uploads\/2019\/11\/55_KZ-DEST.jpg 1200w, https:\/\/www.worteimdunkel.at\/wp-content\/uploads\/2019\/11\/55_KZ-DEST-300x199.jpg 300w, https:\/\/www.worteimdunkel.at\/wp-content\/uploads\/2019\/11\/55_KZ-DEST-768x510.jpg 768w\" sizes=\"auto, (max-width: 1200px) 100vw, 1200px\" \/><figcaption>W\u00e4schereibaracke und Wacht\u00fcrme des Konzentrationslagers Mauthausen<\/figcaption><\/figure>\n\n\n\n<figure class=\"wp-block-image\"><img loading=\"lazy\" decoding=\"async\" width=\"1200\" height=\"797\" src=\"http:\/\/www.worteimdunkel.at\/wp-content\/uploads\/2019\/11\/53_KZ-DEST-1200x797.jpg\" alt=\"Kl\u00e4ranlage des Konzentrationslagers Gusen I\" class=\"wp-image-3281\" srcset=\"https:\/\/www.worteimdunkel.at\/wp-content\/uploads\/2019\/11\/53_KZ-DEST.jpg 1200w, https:\/\/www.worteimdunkel.at\/wp-content\/uploads\/2019\/11\/53_KZ-DEST-300x199.jpg 300w, https:\/\/www.worteimdunkel.at\/wp-content\/uploads\/2019\/11\/53_KZ-DEST-768x510.jpg 768w\" sizes=\"auto, (max-width: 1200px) 100vw, 1200px\" \/><figcaption>Kl\u00e4ranlage des Konzentrationslagers Gusen I<\/figcaption><\/figure>\n\n\n\n<figure class=\"wp-block-image\"><img loading=\"lazy\" decoding=\"async\" width=\"1200\" height=\"797\" src=\"http:\/\/www.worteimdunkel.at\/wp-content\/uploads\/2019\/11\/52_KZ-DEST-1200x797.jpg\" alt=\"Steinbrecher\" class=\"wp-image-3280\" srcset=\"https:\/\/www.worteimdunkel.at\/wp-content\/uploads\/2019\/11\/52_KZ-DEST.jpg 1200w, https:\/\/www.worteimdunkel.at\/wp-content\/uploads\/2019\/11\/52_KZ-DEST-300x199.jpg 300w, https:\/\/www.worteimdunkel.at\/wp-content\/uploads\/2019\/11\/52_KZ-DEST-768x510.jpg 768w\" sizes=\"auto, (max-width: 1200px) 100vw, 1200px\" \/><figcaption>Steinbrecher der Deutschen Erd- und Steinwerke<\/figcaption><\/figure>\n\n\n\n<figure class=\"wp-block-image\"><img loading=\"lazy\" decoding=\"async\" width=\"1200\" height=\"797\" src=\"http:\/\/www.worteimdunkel.at\/wp-content\/uploads\/2019\/11\/54_KZ-DEST-1200x797.jpg\" alt=\"Steinbrecher\" class=\"wp-image-3282\" srcset=\"https:\/\/www.worteimdunkel.at\/wp-content\/uploads\/2019\/11\/54_KZ-DEST.jpg 1200w, https:\/\/www.worteimdunkel.at\/wp-content\/uploads\/2019\/11\/54_KZ-DEST-300x199.jpg 300w, https:\/\/www.worteimdunkel.at\/wp-content\/uploads\/2019\/11\/54_KZ-DEST-768x510.jpg 768w\" sizes=\"auto, (max-width: 1200px) 100vw, 1200px\" \/><figcaption>Steinbrecher \u2013 hier konnten zwei Z\u00fcge gleichzeitig beladen werden<\/figcaption><\/figure>\n\n\n\n<h4 class=\"wp-block-heading\"><br>Oberirdische Ruinen<\/h4>\n\n\n\n<figure class=\"wp-block-image\"><img loading=\"lazy\" decoding=\"async\" width=\"1200\" height=\"797\" src=\"http:\/\/www.worteimdunkel.at\/wp-content\/uploads\/2019\/11\/21_Ruine-1200x797.jpg\" alt=\"Betonmauer, die vor Sprengwirkung sch\u00fctzen sollte\" class=\"wp-image-3225\" srcset=\"https:\/\/www.worteimdunkel.at\/wp-content\/uploads\/2019\/11\/21_Ruine.jpg 1200w, https:\/\/www.worteimdunkel.at\/wp-content\/uploads\/2019\/11\/21_Ruine-300x199.jpg 300w, https:\/\/www.worteimdunkel.at\/wp-content\/uploads\/2019\/11\/21_Ruine-768x510.jpg 768w\" sizes=\"auto, (max-width: 1200px) 100vw, 1200px\" \/><figcaption>Betonmauer, die vor Sprengwirkung sch\u00fctzen sollte<\/figcaption><\/figure>\n\n\n\n<figure class=\"wp-block-image\"><img loading=\"lazy\" decoding=\"async\" width=\"797\" height=\"1200\" src=\"http:\/\/www.worteimdunkel.at\/wp-content\/uploads\/2019\/11\/20_Ruine-797x1200.jpg\" alt=\"Ruine eines Arbeiterwohnhauses\" class=\"wp-image-3224\" srcset=\"https:\/\/www.worteimdunkel.at\/wp-content\/uploads\/2019\/11\/20_Ruine.jpg 797w, https:\/\/www.worteimdunkel.at\/wp-content\/uploads\/2019\/11\/20_Ruine-199x300.jpg 199w, https:\/\/www.worteimdunkel.at\/wp-content\/uploads\/2019\/11\/20_Ruine-768x1156.jpg 768w\" sizes=\"auto, (max-width: 797px) 100vw, 797px\" \/><figcaption>Ruine eines Arbeiterwohnhauses<\/figcaption><\/figure>\n\n\n\n<figure class=\"wp-block-image\"><img loading=\"lazy\" decoding=\"async\" width=\"1200\" height=\"797\" src=\"http:\/\/www.worteimdunkel.at\/wp-content\/uploads\/2019\/11\/19_Ruine-1200x797.jpg\" alt=\"Ruine eines unvollendeten Bauprojekts\" class=\"wp-image-3223\" srcset=\"https:\/\/www.worteimdunkel.at\/wp-content\/uploads\/2019\/11\/19_Ruine.jpg 1200w, https:\/\/www.worteimdunkel.at\/wp-content\/uploads\/2019\/11\/19_Ruine-300x199.jpg 300w, https:\/\/www.worteimdunkel.at\/wp-content\/uploads\/2019\/11\/19_Ruine-768x510.jpg 768w\" sizes=\"auto, (max-width: 1200px) 100vw, 1200px\" \/><figcaption>Ruine eines unvollendeten Bauprojekts<\/figcaption><\/figure>\n\n\n\n<figure class=\"wp-block-image\"><img loading=\"lazy\" decoding=\"async\" width=\"1200\" height=\"797\" src=\"http:\/\/www.worteimdunkel.at\/wp-content\/uploads\/2019\/11\/18_Ruine-1200x797.jpg\" alt=\"Verfallene Reste eines Geb\u00e4udes der Energieversorgung\" class=\"wp-image-3222\" srcset=\"https:\/\/www.worteimdunkel.at\/wp-content\/uploads\/2019\/11\/18_Ruine.jpg 1200w, https:\/\/www.worteimdunkel.at\/wp-content\/uploads\/2019\/11\/18_Ruine-300x199.jpg 300w, https:\/\/www.worteimdunkel.at\/wp-content\/uploads\/2019\/11\/18_Ruine-768x510.jpg 768w\" sizes=\"auto, (max-width: 1200px) 100vw, 1200px\" \/><figcaption>Verfallene Reste eines Geb\u00e4udes der Energieversorgung<\/figcaption><\/figure>\n\n\n\n<figure class=\"wp-block-image\"><img loading=\"lazy\" decoding=\"async\" width=\"1200\" height=\"797\" src=\"http:\/\/www.worteimdunkel.at\/wp-content\/uploads\/2019\/11\/17_Ruine-1200x797.jpg\" alt=\"Ruine eines R\u00fcstungsbetriebes\" class=\"wp-image-3221\" srcset=\"https:\/\/www.worteimdunkel.at\/wp-content\/uploads\/2019\/11\/17_Ruine.jpg 1200w, https:\/\/www.worteimdunkel.at\/wp-content\/uploads\/2019\/11\/17_Ruine-300x199.jpg 300w, https:\/\/www.worteimdunkel.at\/wp-content\/uploads\/2019\/11\/17_Ruine-768x510.jpg 768w\" sizes=\"auto, (max-width: 1200px) 100vw, 1200px\" \/><figcaption>Ruine eines R\u00fcstungsbetriebes<\/figcaption><\/figure>\n\n\n\n<figure class=\"wp-block-image\"><img loading=\"lazy\" decoding=\"async\" width=\"1200\" height=\"797\" src=\"http:\/\/www.worteimdunkel.at\/wp-content\/uploads\/2019\/11\/16_Ruine-1200x797.jpg\" alt=\"\u00dcberwucherter Treppenaufgang eines R\u00fcstungsbetriebes\" class=\"wp-image-3220\" srcset=\"https:\/\/www.worteimdunkel.at\/wp-content\/uploads\/2019\/11\/16_Ruine.jpg 1200w, https:\/\/www.worteimdunkel.at\/wp-content\/uploads\/2019\/11\/16_Ruine-300x199.jpg 300w, https:\/\/www.worteimdunkel.at\/wp-content\/uploads\/2019\/11\/16_Ruine-768x510.jpg 768w\" sizes=\"auto, (max-width: 1200px) 100vw, 1200px\" \/><figcaption>\u00dcberwucherter Treppenaufgang eines R\u00fcstungsbetriebes<\/figcaption><\/figure>\n\n\n\n<figure class=\"wp-block-image\"><img loading=\"lazy\" decoding=\"async\" width=\"1200\" height=\"797\" src=\"http:\/\/www.worteimdunkel.at\/wp-content\/uploads\/2019\/11\/15_Ruine-1200x797.jpg\" alt=\"Ruine eines Flugplatzgeb\u00e4udes\" class=\"wp-image-3219\" srcset=\"https:\/\/www.worteimdunkel.at\/wp-content\/uploads\/2019\/11\/15_Ruine.jpg 1200w, https:\/\/www.worteimdunkel.at\/wp-content\/uploads\/2019\/11\/15_Ruine-300x199.jpg 300w, https:\/\/www.worteimdunkel.at\/wp-content\/uploads\/2019\/11\/15_Ruine-768x510.jpg 768w\" sizes=\"auto, (max-width: 1200px) 100vw, 1200px\" \/><figcaption>Ruine eines Flugplatzgeb\u00e4udes<\/figcaption><\/figure>\n\n\n\n<figure class=\"wp-block-image\"><img loading=\"lazy\" decoding=\"async\" width=\"1200\" height=\"797\" src=\"http:\/\/www.worteimdunkel.at\/wp-content\/uploads\/2019\/11\/14_Ruine-1200x797.jpg\" alt=\"Bauliche Reste eines Offizierswohnhauses des Reichsarbeitsdienstes\" class=\"wp-image-3218\" srcset=\"https:\/\/www.worteimdunkel.at\/wp-content\/uploads\/2019\/11\/14_Ruine.jpg 1200w, https:\/\/www.worteimdunkel.at\/wp-content\/uploads\/2019\/11\/14_Ruine-300x199.jpg 300w, https:\/\/www.worteimdunkel.at\/wp-content\/uploads\/2019\/11\/14_Ruine-768x510.jpg 768w\" sizes=\"auto, (max-width: 1200px) 100vw, 1200px\" \/><figcaption>Bauliche Reste des Kellers eines Offizierswohnhauses des Reichsarbeitsdienstes<\/figcaption><\/figure>\n\n\n\n<figure class=\"wp-block-image\"><img loading=\"lazy\" decoding=\"async\" width=\"1200\" height=\"797\" src=\"http:\/\/www.worteimdunkel.at\/wp-content\/uploads\/2019\/11\/61_U-Ver-Pro-1200x797.jpg\" alt=\"Ruine eines Bauprojekts\" class=\"wp-image-3294\" srcset=\"https:\/\/www.worteimdunkel.at\/wp-content\/uploads\/2019\/11\/61_U-Ver-Pro.jpg 1200w, https:\/\/www.worteimdunkel.at\/wp-content\/uploads\/2019\/11\/61_U-Ver-Pro-300x199.jpg 300w, https:\/\/www.worteimdunkel.at\/wp-content\/uploads\/2019\/11\/61_U-Ver-Pro-768x510.jpg 768w\" sizes=\"auto, (max-width: 1200px) 100vw, 1200px\" \/><figcaption>Baustellenruine eines Kraftwerks- und Forschungsprojekts<\/figcaption><\/figure>\n\n\n\n<hr class=\"wp-block-separator\"\/>\n\n\n\n<div class=\"wp-block-button aligncenter is-style-outline is-style-outline--1\"><a class=\"wp-block-button__link has-text-color has-background\" href=\"http:\/\/www.worteimdunkel.at\/?page_id=3054\" style=\"background-color:#134413;color:#ffffff\">Seitenanfang<\/a><\/div>\n\n\n\n<hr class=\"wp-block-separator\"\/>\n\n\n\n<p><\/p>\n","protected":false},"excerpt":{"rendered":"<p>Hier zeige ich eine knappe Auswahl von Orten, an denen noch heute Beschriftungen fr\u00fcherer Zeiten zu entdecken sind. Nicht alle diese Bilder zeigen Objekte, in oder an denen tats\u00e4chlich schriftliche Hinterlassenschaften existieren, aber sie veranschaulichen sehr gut die Umgebungen, in die man sich begeben muss, will man welche finden. Bunker Splitter- und Tr\u00fcmmerschutzbauwerke Hauskeller Luftschutzstollenanlagen [&hellip;]<\/p>\n","protected":false},"author":1,"featured_media":0,"parent":0,"menu_order":0,"comment_status":"closed","ping_status":"closed","template":"","meta":{"footnotes":""},"class_list":["post-3054","page","type-page","status-publish","hentry"],"_links":{"self":[{"href":"https:\/\/www.worteimdunkel.at\/index.php?rest_route=\/wp\/v2\/pages\/3054","targetHints":{"allow":["GET"]}}],"collection":[{"href":"https:\/\/www.worteimdunkel.at\/index.php?rest_route=\/wp\/v2\/pages"}],"about":[{"href":"https:\/\/www.worteimdunkel.at\/index.php?rest_route=\/wp\/v2\/types\/page"}],"author":[{"embeddable":true,"href":"https:\/\/www.worteimdunkel.at\/index.php?rest_route=\/wp\/v2\/users\/1"}],"replies":[{"embeddable":true,"href":"https:\/\/www.worteimdunkel.at\/index.php?rest_route=%2Fwp%2Fv2%2Fcomments&post=3054"}],"version-history":[{"count":44,"href":"https:\/\/www.worteimdunkel.at\/index.php?rest_route=\/wp\/v2\/pages\/3054\/revisions"}],"predecessor-version":[{"id":13708,"href":"https:\/\/www.worteimdunkel.at\/index.php?rest_route=\/wp\/v2\/pages\/3054\/revisions\/13708"}],"wp:attachment":[{"href":"https:\/\/www.worteimdunkel.at\/index.php?rest_route=%2Fwp%2Fv2%2Fmedia&parent=3054"}],"curies":[{"name":"wp","href":"https:\/\/api.w.org\/{rel}","templated":true}]}}