{"id":2999,"date":"2019-10-31T18:46:44","date_gmt":"2019-10-31T17:46:44","guid":{"rendered":"http:\/\/www.worteimdunkel.at\/?page_id=2999"},"modified":"2021-05-05T15:27:59","modified_gmt":"2021-05-05T13:27:59","slug":"links","status":"publish","type":"page","link":"https:\/\/www.worteimdunkel.at\/?page_id=2999","title":{"rendered":"Links"},"content":{"rendered":"\n<p><br>Die hier verlinkten Seiten f\u00fchren zu Personen oder Institutionen, die mir wichtig sind. Sie sorgen f\u00fcr den Erhalt der geschichtlichen Identit\u00e4t \u00d6sterreichs oder widmen sich der Erforschung und\/oder Dokumentation geschichtlicher St\u00e4tten.<\/p>\n\n\n\n<h3 class=\"wp-block-heading\"><br>\u00d6sterreich<\/h3>\n\n\n\n<h4 class=\"wp-block-heading\"><br>Archive und Bibliotheken<\/h4>\n\n\n\n<p><a href=\"http:\/\/www.doew.at\/\">Dokumentationsarchiv des \u00f6sterreichischen Widerstandes<\/a><\/p>\n\n\n\n<p><a href=\"https:\/\/bibliothek.univie.ac.at\/fb-zeitgeschichte\/\">Fachbereichsbibliothek f\u00fcr Zeitgeschichte<\/a><\/p>\n\n\n\n<p><a href=\"https:\/\/www.oesta.gv.at\/archiv-der-republik1\">\u00d6sterreichisches Staatsarchiv \u2013 Archiv der Republik<\/a><\/p>\n\n\n\n<p><a href=\"https:\/\/www.onb.ac.at\/\">\u00d6sterreichische Nationalbibliothek<\/a><\/p>\n\n\n\n<p><br><strong>Landesarchive<\/strong><\/p>\n\n\n\n<p><a href=\"https:\/\/www.burgenland.at\/themen\/wissenschaft\/landesarchiv\/\">Burgenl\u00e4ndisches Landesarchiv<\/a><\/p>\n\n\n\n<p><a href=\"https:\/\/landesarchiv.ktn.gv.at\/\">K\u00e4rntner Landesarchiv<\/a><\/p>\n\n\n\n<p><a href=\"http:\/\/www.noe.gv.at\/noe\/Landesarchiv\/Landesarchiv.html\">Nieder\u00f6sterreichisches Landesarchiv<\/a><\/p>\n\n\n\n<p><a href=\"https:\/\/www.landesarchiv-ooe.at\/\">Ober\u00f6sterreichisches Landesarchiv<\/a><\/p>\n\n\n\n<p><a href=\"https:\/\/www.salzburg.gv.at\/themen\/salzburg\/archive\">Salzburger Landesarchiv<\/a><\/p>\n\n\n\n<p><a href=\"http:\/\/www.landesarchiv.steiermark.at\/\">Steierm\u00e4rkisches Landesarchiv<\/a><\/p>\n\n\n\n<p><a href=\"https:\/\/www.tirol.gv.at\/kunst-kultur\/landesarchiv\/\">Tiroler Landesarchiv<\/a><\/p>\n\n\n\n<p><a href=\"https:\/\/vorarlberg.at\/web\/land-vorarlberg\/contentdetailseite\/-\/asset_publisher\/qA6AJ38txu0k\/content\/vorarlberger-landesarchiv?article_id=206564\">Vorarlberger Landesarchiv<\/a><\/p>\n\n\n\n<p><a href=\"https:\/\/www.wien.gv.at\/kultur\/archiv\/\">Wiener Stadt- und Landesarchiv<\/a><\/p>\n\n\n\n<h4 class=\"wp-block-heading\"><br>Zeitgeschichtliche Institute und Einrichtungen des Denkmalschutzes<\/h4>\n\n\n\n<p><a href=\"https:\/\/www.uibk.ac.at\/zeitgeschichte\/index.html.de\">Institut f\u00fcr Zeitgeschichte der Uni Innsbruck<\/a><\/p>\n\n\n\n<p><a href=\"https:\/\/www.univie.ac.at\/zeitgeschichte\/\">Institut f\u00fcr Zeitgeschichte der Uni Wien<\/a><\/p>\n\n\n\n<p><a href=\"https:\/\/bik.ac.at\/\">Ludwig-Boltzmann-Institut f\u00fcr Kriegsfolgenforschung<\/a><\/p>\n\n\n\n<p><a href=\"http:\/\/www.initiative-denkmalschutz.at\/\">Initiative Denkmalschutz<\/a><\/p>\n\n\n\n<p><a href=\"https:\/\/bda.gv.at\/\">Bundesdenkmalamt<\/a><\/p>\n\n\n\n<h4 class=\"wp-block-heading\"><br>Museen und Gedenkst\u00e4tten<\/h4>\n\n\n\n<p><a href=\"http:\/\/www.befreiungsmuseumwien.at\/\">Befreiungsmuseum Wien<\/a><\/p>\n\n\n\n<p><a href=\"http:\/\/bewusstseinsregion.at\/\">Bewusstseinsregion Mauthausen \u2013 Gusen \u2013 St. Georgen<\/a><\/p>\n\n\n\n<p><a href=\"https:\/\/www.mauthausen-memorial.org\/\">Bundesanstalt KZ-Gedenkst\u00e4tte Mauthausen Memorial<\/a><\/p>\n\n\n\n<p><a href=\"http:\/\/www.erinnern.at\/bundeslaender\/oesterreich\">Erinnern.at<\/a><\/p>\n\n\n\n<p><a href=\"https:\/\/www.haus-des-meeres.at\/de\/Besucherinfo\/Erinnern-im-Innern.htm\">Erinnern im Innern<\/a><\/p>\n\n\n\n<p><a href=\"http:\/\/www.gusen.org\/de\/\">Gedenkdienstkomitee Gusen<\/a><\/p>\n\n\n\n<p><a href=\"https:\/\/www.hdgoe.at\/\">Haus der Geschichte \u00d6sterreich<\/a><\/p>\n\n\n\n<p><a href=\"https:\/\/www.hgm.at\/\">Heeresgeschichtliches Museum Wien<\/a><\/p>\n\n\n\n<p><a href=\"http:\/\/www.jmw.at\/\">J\u00fcdisches Museum Wien<\/a><\/p>\n\n\n\n<p><a href=\"https:\/\/www.melk-memorial.org\/de\">Melk Memorial &#8211; Zeithistorisches Zentrum<\/a><\/p>\n\n\n\n<p><a href=\"https:\/\/memorial-ebensee.at\/website\/index.php\/de\/\">Zeitgeschichtemuseum Ebensee<\/a><\/p>\n\n\n\n<h4 class=\"wp-block-heading\"><br>Forscher und Foren<\/h4>\n\n\n\n<p><a href=\"http:\/\/www.schlier.at\/\">ARGE Schlier<\/a><\/p>\n\n\n\n<p><a href=\"https:\/\/www.forscherteam-wiener-unterwelten.at\/\">Forscherteam Wiener Unterwelten<\/a><\/p>\n\n\n\n<p><a href=\"http:\/\/geheimprojekte.at\/\">Geheimprojekte.at<\/a><\/p>\n\n\n\n<p><a href=\"http:\/\/militaergeschichte.at\/\">Milit\u00e4rgeschichte.at<\/a><\/p>\n\n\n\n<p><a href=\"http:\/\/www.quarz-roggendorf.at\/\">Quarz B9 Roggendorf<\/a><\/p>\n\n\n\n<p><a href=\"http:\/\/subterrarum.blogspot.co.at\/\">Subterra<\/a><\/p>\n\n\n\n<p><a href=\"http:\/\/www.unterwelt.at\/\">Unterwelt.at<\/a><\/p>\n\n\n\n<p><a href=\"https:\/\/unterirdisch.de\/index.php#oesterreich.87\">Unterirdisch-Forum<\/a><\/p>\n\n\n\n<p><a href=\"https:\/\/www.vergesseneswien.at\/\">Vergessenes Wien<\/a><\/p>\n\n\n\n<h4 class=\"wp-block-heading\"><br>Andere spannende Blogs<\/h4>\n\n\n\n<p><a href=\"https:\/\/stadtstreunen.at\/\" data-type=\"URL\" data-id=\"https:\/\/stadtstreunen.at\/\">Stadtstreunen.at \u2013 Blog f\u00fcr Urbanit\u00e4t &amp; Alltagspoesie<\/a><\/p>\n\n\n\n<h3 class=\"wp-block-heading\"><br>Deutschland<\/h3>\n\n\n\n<h4 class=\"wp-block-heading\"><br>Archive<\/h4>\n\n\n\n<p><a href=\"https:\/\/www.bundesarchiv.de\/DE\/Navigation\/Meta\/Ueber-uns\/Dienstorte\/Berlin-Lichterfelde\/berlin-lichterfelde.html\">Bundesarchiv Berlin-Lichterfelde<\/a><\/p>\n\n\n\n<p><a href=\"https:\/\/www.bundesarchiv.de\/DE\/Navigation\/Meta\/Ueber-uns\/Dienstorte\/Freiburg-im-Breisgau\/freiburg-im-breisgau.html\">Bundesarchiv Freiburg im Breisgau (Milit\u00e4rarchiv)<\/a><\/p>\n\n\n\n<p><a href=\"https:\/\/www.deutsches-museum.de\/archiv\/\">Archiv des Deutschen Museums M\u00fcnchen<\/a><\/p>\n\n\n\n<h4 class=\"wp-block-heading\"><br>Forscher und Foren<\/h4>\n\n\n\n<p><a href=\"https:\/\/berliner-unterwelten.de\/\">Berliner Unterwelten<\/a><\/p>\n\n\n\n<p><a href=\"http:\/\/www.hamburgerunterwelten.de\/\">Hamburger Unterwelten<\/a><\/p>\n\n\n\n<p><a href=\"http:\/\/www.bochumer-bunker.de\/\">Studienkreis Bochumer Bunker e.V.<\/a><\/p>\n","protected":false},"excerpt":{"rendered":"<p>Die hier verlinkten Seiten f\u00fchren zu Personen oder Institutionen, die mir wichtig sind. Sie sorgen f\u00fcr den Erhalt der geschichtlichen Identit\u00e4t \u00d6sterreichs oder widmen sich der Erforschung und\/oder Dokumentation geschichtlicher St\u00e4tten. \u00d6sterreich Archive und Bibliotheken Dokumentationsarchiv des \u00f6sterreichischen Widerstandes Fachbereichsbibliothek f\u00fcr Zeitgeschichte \u00d6sterreichisches Staatsarchiv \u2013 Archiv der Republik \u00d6sterreichische Nationalbibliothek Landesarchive Burgenl\u00e4ndisches Landesarchiv K\u00e4rntner Landesarchiv [&hellip;]<\/p>\n","protected":false},"author":1,"featured_media":0,"parent":0,"menu_order":0,"comment_status":"closed","ping_status":"closed","template":"","meta":{"footnotes":""},"class_list":["post-2999","page","type-page","status-publish","hentry"],"_links":{"self":[{"href":"https:\/\/www.worteimdunkel.at\/index.php?rest_route=\/wp\/v2\/pages\/2999","targetHints":{"allow":["GET"]}}],"collection":[{"href":"https:\/\/www.worteimdunkel.at\/index.php?rest_route=\/wp\/v2\/pages"}],"about":[{"href":"https:\/\/www.worteimdunkel.at\/index.php?rest_route=\/wp\/v2\/types\/page"}],"author":[{"embeddable":true,"href":"https:\/\/www.worteimdunkel.at\/index.php?rest_route=\/wp\/v2\/users\/1"}],"replies":[{"embeddable":true,"href":"https:\/\/www.worteimdunkel.at\/index.php?rest_route=%2Fwp%2Fv2%2Fcomments&post=2999"}],"version-history":[{"count":83,"href":"https:\/\/www.worteimdunkel.at\/index.php?rest_route=\/wp\/v2\/pages\/2999\/revisions"}],"predecessor-version":[{"id":14415,"href":"https:\/\/www.worteimdunkel.at\/index.php?rest_route=\/wp\/v2\/pages\/2999\/revisions\/14415"}],"wp:attachment":[{"href":"https:\/\/www.worteimdunkel.at\/index.php?rest_route=%2Fwp%2Fv2%2Fmedia&parent=2999"}],"curies":[{"name":"wp","href":"https:\/\/api.w.org\/{rel}","templated":true}]}}